{"id":1641,"date":"2017-11-07T13:44:56","date_gmt":"2017-11-07T12:44:56","guid":{"rendered":"https:\/\/www.cemoasbl.be\/le-cemo-on-en-parle\/"},"modified":"2021-10-15T11:31:38","modified_gmt":"2021-10-15T10:31:38","slug":"le-cemo-on-en-parle","status":"publish","type":"page","link":"https:\/\/www.cemoasbl.be\/nl\/le-cemo-on-en-parle\/","title":{"rendered":"Le CEMO, on en parle"},"content":{"rendered":"<h3>&#8220;Des adolescents au prisme du regroupement familial\u00a0: Lien de parent\u00e9, dispositifs institutionnels et proc\u00e9dures&#8221;<\/h3>\n<p style=\"text-align: justify;\">Le CEMO a le plaisir de vous informer la sortie de l\u2019article &#8220;Des adolescents au prisme du regroupement familial\u00a0: Lien de parent\u00e9, dispositifs institutionnels et proc\u00e9dures&#8221; dans le nouveau num\u00e9ro de mai 2017 de la revue du droits des jeunes. Celui-ci a \u00e9t\u00e9 co-\u00e9crit par Xavier Brik\u00e9 et S\u00e9bastien Godart \u00e0 la suite de la recherche \u00ab\u00a0L\u2019exp\u00e9rience de l\u2019exil au travers du regroupement familial\u00a0: mythes, proc\u00e9dures et d\u00e9racinement\u00a0\u00bb.<\/p>\n<p style=\"text-align: justify;\">N\u2019h\u00e9sitez pas \u00e0 vous procurer la revue et l\u2019article via le site jeunesse et droit <a class=\"spip_out\" href=\"http:\/\/www.jeunesseetdroit.be\" rel=\"external\">http:\/\/www.jeunesseetdroit.be<\/a><\/p>\n<p>&#8212;&#8211;<\/p>\n<blockquote class=\"wp-embedded-content\" data-secret=\"FSy1D11Iy7\"><p><a href=\"https:\/\/www.alterechos.be\/lexperience-de-lexil-au-travers-du-regroupement-familial\/\">L\u2019exp\u00e9rience de l\u2019exil au travers du regroupement familial<\/a><\/p><\/blockquote>\n<p><iframe class=\"wp-embedded-content\" sandbox=\"allow-scripts\" security=\"restricted\" style=\"position: absolute; clip: rect(1px, 1px, 1px, 1px);\" title=\"\u00ab\u00a0L\u2019exp\u00e9rience de l\u2019exil au travers du regroupement familial\u00a0\u00bb &#8212; Alter Echos\" src=\"https:\/\/www.alterechos.be\/lexperience-de-lexil-au-travers-du-regroupement-familial\/embed\/#?secret=FSy1D11Iy7\" data-secret=\"FSy1D11Iy7\" width=\"600\" height=\"338\" frameborder=\"0\" marginwidth=\"0\" marginheight=\"0\" scrolling=\"no\"><\/iframe><\/p>\n<p>\u2014\u2014<\/p>\n<ul>\n<li>Dans La Libre :\u00a0<a href=\"http:\/\/www.lalibre.be\/regions\/bruxelles\/l-avenir-passe-par-le-kap-51b8ed79e4b0de6db9c727d7\" target=\"_blank\" rel=\"noopener\">\u00ab\u00a0L\u2019avenir passe par le KAP\u00a0\u00bb<\/a><\/li>\n<\/ul>\n<p>\u2014\u2014<\/p>\n<ul>\n<li>Le KAP et son projet L\u00e9on est mis \u00e0 l\u2019honneur dans le nouveau num\u00e9ro de l\u2019art.23:\u00a0<a href=\"https:\/\/www.cemoasbl.be\/wp-content\/uploads\/2015\/09\/art23_num60.pdf\">Rencontre avec Cindy, habitante du projet \u00ab\u00a0L\u00e9on\u00a0\u00bb<\/a><\/li>\n<\/ul>\n<p>\u2014\u2014<\/p>\n<ul>\n<li>Les Actes du colloque :\u00a0<a href=\"https:\/\/www.cemoasbl.be\/wp-content\/uploads\/2017\/10\/KAP_le_logement_a_bruxelles.pdf\" target=\"_blank\" rel=\"noopener\">Le logement \u00e0 Bruxelles\u00a0: quel acc\u00e8s pour les sans-abris\u00a0?<\/a><\/li>\n<\/ul>\n<p>\u2014\u2014<\/p>\n<div id=\"ConnectiveDocSignExtentionInstalled\" data-extension-version=\"1.0.4\"><\/div>\n","protected":false},"excerpt":{"rendered":"<p>&#8220;Des adolescents au prisme du regroupement familial\u00a0: Lien de parent\u00e9, dispositifs institutionnels et proc\u00e9dures&#8221; Le CEMO a le plaisir de vous informer la sortie de l\u2019article &#8220;Des adolescents au prisme du regroupement familial\u00a0: Lien de parent\u00e9, dispositifs institutionnels et proc\u00e9dures&#8221; dans le nouveau num\u00e9ro de mai 2017 de la revue du droits des jeunes. Celui-ci [&hellip;]<\/p>\n","protected":false},"author":8,"featured_media":0,"parent":0,"menu_order":0,"comment_status":"closed","ping_status":"closed","template":"","meta":[],"_links":{"self":[{"href":"https:\/\/www.cemoasbl.be\/nl\/wp-json\/wp\/v2\/pages\/1641"}],"collection":[{"href":"https:\/\/www.cemoasbl.be\/nl\/wp-json\/wp\/v2\/pages"}],"about":[{"href":"https:\/\/www.cemoasbl.be\/nl\/wp-json\/wp\/v2\/types\/page"}],"author":[{"embeddable":true,"href":"https:\/\/www.cemoasbl.be\/nl\/wp-json\/wp\/v2\/users\/8"}],"replies":[{"embeddable":true,"href":"https:\/\/www.cemoasbl.be\/nl\/wp-json\/wp\/v2\/comments?post=1641"}],"version-history":[{"count":1,"href":"https:\/\/www.cemoasbl.be\/nl\/wp-json\/wp\/v2\/pages\/1641\/revisions"}],"predecessor-version":[{"id":1642,"href":"https:\/\/www.cemoasbl.be\/nl\/wp-json\/wp\/v2\/pages\/1641\/revisions\/1642"}],"wp:attachment":[{"href":"https:\/\/www.cemoasbl.be\/nl\/wp-json\/wp\/v2\/media?parent=1641"}],"curies":[{"name":"wp","href":"https:\/\/api.w.org\/{rel}","templated":true}]}}